{"id":5897,"date":"2023-04-04T10:46:04","date_gmt":"2023-04-04T13:46:04","guid":{"rendered":"https:\/\/diegobaigorri.com\/?page_id=5897"},"modified":"2025-12-17T10:24:29","modified_gmt":"2025-12-17T13:24:29","slug":"talleres2023","status":"publish","type":"page","link":"https:\/\/tallerestintoretto.com\/labs\/es\/ediciones\/talleres2023\/","title":{"rendered":"2023"},"content":{"rendered":"\n<div class=\"wp-block-group\"><div class=\"wp-block-group__inner-container is-layout-constrained wp-block-group-is-layout-constrained\">\n<p><strong>&gt; Ver ediciones<\/strong>: <a href=\"https:\/\/tallerestintoretto.com\/labs\/es\/ediciones\/talleres2022\/\" data-type=\"page\" data-id=\"6794\">2022<\/a> | <a href=\"https:\/\/tallerestintoretto.com\/labs\/es\/ediciones\/talleres2023\/\" data-type=\"page\" data-id=\"5897\">2023<\/a> | <a href=\"https:\/\/tallerestintoretto.com\/labs\/es\/ediciones\/talleres2024\/\" data-type=\"page\" data-id=\"7553\">2024<\/a> | <a href=\"https:\/\/tallerestintoretto.com\/labs\/es\/ediciones\/talleres2025\/\" data-type=\"page\" data-id=\"7553\">2025<\/a><\/p>\n\n\n\n<div class=\"wp-block-group tabla_de_contenidos has-very-light-gray-background-color has-background\"><div class=\"wp-block-group__inner-container is-layout-flow wp-block-group-is-layout-flow\">\n<h4 class=\"wp-block-heading\"><strong>Tabla de contenido<\/strong>s<\/h4>\n\n\n\n<ol class=\"wp-block-list\">\n<li><a href=\"#asistentes\">Tintorettini<\/a><\/li>\n\n\n\n<li><a href=\"#resumen\">Resumen<\/a><\/li>\n\n\n\n<li><a href=\"#temas\">Tem\u00e1ticas<\/a><\/li>\n\n\n\n<li><a href=\"#offtopic\">Off Topic<\/a><\/li>\n\n\n\n<li><a href=\"#notaCable\">Nota para el cable local<\/a><\/li>\n\n\n\n<li><a href=\"#coordinador\" data-type=\"internal\" data-id=\"#coordinador\">Sobre el coordinador<\/a><\/li>\n<\/ol>\n<\/div><\/div>\n\n\n\n<hr class=\"wp-block-separator has-alpha-channel-opacity\" \/>\n\n\n\n<h3 class=\"wp-block-heading wp-embed-aspect-16-9 wp-has-aspect-ratio\" id=\"asistentes\">Tintorettini<\/h3>\n\n\n\n<div class=\"wp-block-columns wp-embed-aspect-16-9 wp-has-aspect-ratio is-layout-flex wp-container-core-columns-is-layout-9d6595d7 wp-block-columns-is-layout-flex\">\n<div class=\"wp-block-column is-layout-flow wp-block-column-is-layout-flow\" style=\"flex-basis:50%\">\n<ul class=\"wp-block-list\">\n<li>\u26ac \u00bb Amar\u00fa V. Dom\u00ednguez<\/li>\n\n\n\n<li>\u26ac \u00bb Emilia Baigorri<\/li>\n\n\n\n<li class=\"wp-embed-aspect-16-9 wp-has-aspect-ratio\">\u26ac \u00bb Eugenio Anto\u00f1ana<\/li>\n\n\n\n<li class=\"wp-embed-aspect-16-9 wp-has-aspect-ratio\">\u26ac \u00bb Helena Baigorri<\/li>\n\n\n\n<li>\u26ac \u00bb Leonela Quintana Ferro<\/li>\n\n\n\n<li>\u26ac \u00bb Pilar Monti<\/li>\n\n\n\n<li>\u26ac \u00bb Nina Spinetti<\/li>\n<\/ul>\n<\/div>\n\n\n\n<div class=\"wp-block-column is-layout-flow wp-block-column-is-layout-flow\" style=\"flex-basis:50%\">\n<ul class=\"wp-block-list\">\n<li>\u00bb Bautista Su\u00e1rez Cucit<\/li>\n\n\n\n<li>\u00bb Julia Rokita<\/li>\n\n\n\n<li>\u00bb Lucas Mancinelli<\/li>\n\n\n\n<li>\u00bb Luciano Correa<\/li>\n\n\n\n<li>\u00bb Sof\u00eda Criolani<\/li>\n\n\n\n<li>* Emilia Dibono<\/li>\n\n\n\n<li>* Thiago Hofer<\/li>\n<\/ul>\n<\/div>\n<\/div>\n<\/div><\/div>\n\n\n\n<p><strong>Referencias<\/strong>: \u26ac Fundadores \ud83d\ude0a | \u00bb Contin\u00faan | * Nuevos<\/p>\n\n\n\n<hr class=\"wp-block-separator has-alpha-channel-opacity\" \/>\n\n\n\n<div id=\"resumen\" class=\"wp-block-group\"><div class=\"wp-block-group__inner-container is-layout-constrained wp-block-group-is-layout-constrained\">\n<h2 class=\"wp-block-heading\" id=\"resumen\">Resumen<\/h2>\n\n\n\n<p>En 2023, la propuesta fue m\u00e1s light, con tem\u00e1ticas mensuales y sin una exigente continuidad. Por motivos personales, los encuentros se vieron interrumpidos en las vacaciones de invierno, siendo solamente 12 y sin un cierre como en 2022.<\/p>\n\n\n\n<div class=\"wp-block-columns is-layout-flex wp-container-core-columns-is-layout-9d6595d7 wp-block-columns-is-layout-flex\">\n<div class=\"wp-block-column is-layout-flow wp-block-column-is-layout-flow\">\n<figure class=\"wp-block-video\"><video height=\"640\" style=\"aspect-ratio: 360 \/ 640;\" width=\"360\" controls src=\"https:\/\/diegobaigorri.com\/wp-assets\/uploads\/sites\/12\/2024\/07\/2023-talleres-resumen-01.mp4\"><\/video><\/figure>\n<\/div>\n\n\n\n<div class=\"wp-block-column is-layout-flow wp-block-column-is-layout-flow\">\n<figure class=\"wp-block-video\"><video height=\"640\" style=\"aspect-ratio: 360 \/ 640;\" width=\"360\" controls src=\"https:\/\/diegobaigorri.com\/wp-assets\/uploads\/sites\/12\/2024\/07\/2023-talleres-resumen-02.mp4\"><\/video><\/figure>\n<\/div>\n\n\n\n<div class=\"wp-block-column is-layout-flow wp-block-column-is-layout-flow\">\n<figure class=\"wp-block-video\"><video height=\"640\" style=\"aspect-ratio: 360 \/ 640;\" width=\"360\" controls src=\"https:\/\/diegobaigorri.com\/wp-assets\/uploads\/sites\/12\/2024\/07\/2023-talleres-resumen-03.mp4\"><\/video><\/figure>\n<\/div>\n<\/div>\n<\/div><\/div>\n\n\n\n<hr class=\"wp-block-separator has-alpha-channel-opacity\" \/>\n\n\n\n<div class=\"wp-block-group\"><div class=\"wp-block-group__inner-container is-layout-constrained wp-block-group-is-layout-constrained\">\n<h3 class=\"wp-block-heading\" id=\"temas\">Tem\u00e1ticas<\/h3>\n\n\n\n<div class=\"wp-block-columns is-layout-flex wp-container-core-columns-is-layout-9d6595d7 wp-block-columns-is-layout-flex\">\n<div class=\"wp-block-column is-layout-flow wp-block-column-is-layout-flow\">\n<ul class=\"wp-block-list\">\n<li>Arquetipos<\/li>\n\n\n\n<li>La sombra #1<\/li>\n\n\n\n<li>La sombra #2<\/li>\n\n\n\n<li>Edades<\/li>\n\n\n\n<li>Furry<\/li>\n\n\n\n<li>Pixel art<\/li>\n\n\n\n<li>Texturas #1<\/li>\n<\/ul>\n<\/div>\n\n\n\n<div class=\"wp-block-column is-layout-flow wp-block-column-is-layout-flow\">\n<ul class=\"wp-block-list\">\n<li>P.O.V.<\/li>\n\n\n\n<li>L\u00edneas #1<\/li>\n\n\n\n<li>Movimiento #1<\/li>\n\n\n\n<li>Movimiento #2<\/li>\n\n\n\n<li>Perspectiva I<\/li>\n\n\n\n<li>Distorsiones (Perspectiva + Psicodelia)<\/li>\n<\/ul>\n<\/div>\n<\/div>\n<\/div><\/div>\n\n\n\n<hr class=\"wp-block-separator has-alpha-channel-opacity\" \/>\n\n\n\n<div id=\"arquetipos\" class=\"wp-block-group\"><div class=\"wp-block-group__inner-container is-layout-constrained wp-block-group-is-layout-constrained\">\n<h3 class=\"wp-block-heading\">Arquetipos<\/h3>\n\n\n\n<p>Uno de los hilos conductores en 2023, para ir trabajando diferentes t\u00e9cnicas y conceptos, fueron los arquetipos del psic\u00f3logo suizo C.G. Jung. Por supuesto, no hicimos un abordaje conceptual intensivo, sino que intentamos aplicarlos, libre y sin demasiado rigor acad\u00e9mico.<\/p>\n\n\n\n<p><strong>Dato<\/strong>: el arquetipo, a diferencia del estereotipo, ser\u00eda un patr\u00f3n \u00abprimitivo\u00bb de comportamiento, original e incluso innato, derivado de necesidades propias del ser humano, com\u00fan en todas las culturas.   <\/p>\n\n\n<div class=\"wp-block-image\">\n<figure class=\"aligncenter size-full\"><img loading=\"lazy\" decoding=\"async\" width=\"550\" height=\"413\" src=\"https:\/\/tallerestintoretto.com\/wp-assets\/uploads\/2023\/04\/arquetipos-de-Juego-de-Tronos.jpg\" alt=\"\" class=\"wp-image-5958\" srcset=\"https:\/\/diegobaigorri.com\/wp-assets\/uploads\/sites\/12\/2023\/04\/arquetipos-de-Juego-de-Tronos.jpg 550w, https:\/\/diegobaigorri.com\/wp-assets\/uploads\/sites\/12\/2023\/04\/arquetipos-de-Juego-de-Tronos-300x225.jpg 300w\" sizes=\"auto, (max-width: 550px) 100vw, 550px\" \/><figcaption class=\"wp-element-caption\">Arquetipos de personalidad con  ejemplos de \u00abJuego de Tronos\u00bb.<\/figcaption><\/figure>\n<\/div>\n\n\n<p><strong>\u00bfPor qu\u00e9 hablar, reconocer o ilustrar arquetipos?<\/strong> Seg\u00fan la \u00abpsicolog\u00eda anal\u00edtica\u00bb, reconocer arquetipos y su incidencia en nuestras vidas, nos ayudar\u00eda a superar instancias, fijaciones u obst\u00e1culos que creemos propios y, en realidad, son heredadas; proyecciones de ese inconsciente colectivo. Creemos que, el arte como conductor de emociones, debe apuntar a esa continuidad y liberaci\u00f3n simb\u00f3lica.<\/p>\n\n\n\n<hr class=\"wp-block-separator has-alpha-channel-opacity\" \/>\n<\/div><\/div>\n\n\n\n<div id=\"off_topic\" class=\"wp-block-group\"><div class=\"wp-block-group__inner-container is-layout-constrained wp-block-group-is-layout-constrained\">\n<h2 class=\"wp-block-heading has-text-align-center\" id=\"offtopic\">Off Topic<\/h2>\n\n\n\n<div class=\"wp-block-columns is-layout-flex wp-container-core-columns-is-layout-9d6595d7 wp-block-columns-is-layout-flex\">\n<div class=\"wp-block-column is-layout-flow wp-block-column-is-layout-flow\" style=\"flex-basis:5%\"><\/div>\n\n\n\n<div class=\"wp-block-column is-layout-flow wp-block-column-is-layout-flow\">\n<p>Con el grupo de los martes, en el encuentro #6, llevamos adelante una jornada especial: proyectamos pel\u00edculas. <\/p>\n\n\n\n<p>Anteriormente les hab\u00eda comentado que ten\u00eda un proyector donde, de chico, sol\u00eda ver pel\u00edculas. Vimos varios cortos de 12 minutos, con pochoclos y todo<\/p>\n<\/div>\n\n\n\n<div class=\"wp-block-column is-layout-flow wp-block-column-is-layout-flow\" style=\"flex-basis:33%\">\n<figure class=\"wp-block-video\"><video height=\"640\" style=\"aspect-ratio: 360 \/ 640;\" width=\"360\" controls src=\"https:\/\/diegobaigorri.com\/wp-assets\/uploads\/sites\/12\/2024\/07\/2023-talleres-resumen-02b-extra-peliculas.mp4\"><\/video><\/figure>\n<\/div>\n\n\n\n<div class=\"wp-block-column is-layout-flow wp-block-column-is-layout-flow\" style=\"flex-basis:5%\"><\/div>\n<\/div>\n\n\n\n<div style=\"height:40px\" aria-hidden=\"true\" class=\"wp-block-spacer\"><\/div>\n\n\n\n<div class=\"wp-block-columns is-layout-flex wp-container-core-columns-is-layout-9d6595d7 wp-block-columns-is-layout-flex\">\n<div class=\"wp-block-column is-layout-flow wp-block-column-is-layout-flow\" style=\"flex-basis:5%\"><\/div>\n\n\n\n<div class=\"wp-block-column is-layout-flow wp-block-column-is-layout-flow\" style=\"flex-basis:33%\">\n<figure class=\"wp-block-video\"><video height=\"640\" style=\"aspect-ratio: 360 \/ 640;\" width=\"360\" controls src=\"https:\/\/diegobaigorri.com\/wp-assets\/uploads\/sites\/12\/2024\/07\/2023-talleres-resumen-04-extra-dibujitos.mp4\"><\/video><\/figure>\n<\/div>\n\n\n\n<div class=\"wp-block-column is-layout-flow wp-block-column-is-layout-flow\">\n<p>En cada encuentro sol\u00eda hacer un dibujo como ejemplo en el peque\u00f1o pizarr\u00f3n que llev\u00e1bamos. Las fotos son pocas, pero sirve para muestra. de esta costumbre que formamos en 2023.<\/p>\n<\/div>\n\n\n\n<div class=\"wp-block-column is-layout-flow wp-block-column-is-layout-flow\" style=\"flex-basis:5%\"><\/div>\n<\/div>\n<\/div><\/div>\n\n\n\n<hr class=\"wp-block-separator has-alpha-channel-opacity\" \/>\n\n\n\n<div id=\"nota_cable\" class=\"wp-block-group\"><div class=\"wp-block-group__inner-container is-layout-constrained wp-block-group-is-layout-constrained\">\n<h3 class=\"wp-block-heading\" id=\"notaCable\">Nota para el cable local<\/h3>\n\n\n\n<p>El encuentro #5 (02\/05\/23) se vio atravesado por la visita de Daniela que realiz\u00f3 varias entrevistas para su programa. <\/p>\n\n\n\n<figure class=\"wp-block-embed is-type-video is-provider-youtube wp-block-embed-youtube wp-embed-aspect-16-9 wp-has-aspect-ratio\"><div class=\"wp-block-embed__wrapper\">\n<iframe loading=\"lazy\" title=\"04 - 05 - 2023 HORA DE ENCUENTRO N\u00b0 69\" width=\"500\" height=\"281\" src=\"https:\/\/www.youtube.com\/embed\/HHsczy7CiSo?feature=oembed\" frameborder=\"0\" allow=\"accelerometer; autoplay; clipboard-write; encrypted-media; gyroscope; picture-in-picture; web-share\" referrerpolicy=\"strict-origin-when-cross-origin\" allowfullscreen><\/iframe>\n<\/div><\/figure>\n\n\n\n<hr class=\"wp-block-separator has-alpha-channel-opacity\" \/>\n\n\n\n<h3 class=\"wp-block-heading\">Fragmento + extras entrevista personal<\/h3>\n\n\n\n<div class=\"wp-block-columns is-layout-flex wp-container-core-columns-is-layout-9d6595d7 wp-block-columns-is-layout-flex\">\n<div class=\"wp-block-column is-layout-flow wp-block-column-is-layout-flow\">\n<figure class=\"wp-block-video\"><video height=\"960\" style=\"aspect-ratio: 540 \/ 960;\" width=\"540\" controls src=\"https:\/\/diegobaigorri.com\/wp-assets\/uploads\/sites\/12\/2024\/07\/230510-Taller-fragmentos-480.mp4\"><\/video><\/figure>\n<\/div>\n\n\n\n<div class=\"wp-block-column is-layout-flow wp-block-column-is-layout-flow\">\n<figure class=\"wp-block-video\"><video height=\"1280\" style=\"aspect-ratio: 720 \/ 1280;\" width=\"720\" controls src=\"https:\/\/diegobaigorri.com\/wp-assets\/uploads\/sites\/12\/2024\/07\/10-05-2023-entrevista-06-480.mp4\"><\/video><\/figure>\n<\/div>\n\n\n\n<div class=\"wp-block-column is-layout-flow wp-block-column-is-layout-flow\">\n<figure class=\"wp-block-video\"><video height=\"1280\" style=\"aspect-ratio: 720 \/ 1280;\" width=\"720\" controls src=\"https:\/\/diegobaigorri.com\/wp-assets\/uploads\/sites\/12\/2024\/07\/10-05-2023-entrevista-hist-09-480.mp4\"><\/video><\/figure>\n<\/div>\n<\/div>\n<\/div><\/div>\n\n\n\n<ul class=\"wp-block-list\">\n<li>Sobre las entrevistas: <a href=\"https:\/\/diegobaigorri.com\/noticias\/2023\/05\/16\/entrevistas-en-hora-de-encuentro-correa\/\">Entrevistas en \u00abHora de Encuentro\u00bb<\/a>.<\/li>\n<\/ul>\n\n\n\n<hr class=\"wp-block-separator has-alpha-channel-opacity\" \/>\n\n\n\n<h3 class=\"wp-block-heading\" id=\"coordinador\">Sobre el coordinador<\/h3>\n\n\n\n<p><strong>Diego Baigorri (Argentina, 1984)<\/strong>. Desde ni\u00f1o ha desarrollado su creatividad a trav\u00e9s del dibujo, m\u00fasica, literatura y programaci\u00f3n, realizando sus primeras exposiciones art\u00edsticas, publicaciones gr\u00e1ficas y aplicaciones inform\u00e1ticas a corta edad. Sus obras pict\u00f3ricas han sido expuestas, formando parte de cat\u00e1logos locales y ferias internacionales, en Paris, Nueva York, Londres, Roma, Barcelona y Dubai, entre otros lugares.<\/p>\n\n\n\n<p><strong>&gt; Enlaces:<\/strong>&nbsp;<a href=\"https:\/\/diegobaigorri.com\/\">Sitio<\/a> |&nbsp;<a href=\"https:\/\/diegobaigorri.com\/arte\/\">Dossier<\/a> |&nbsp;<a href=\"https:\/\/diegobaigorri.com\/arte\/exposiciones\/\">Exposiciones<\/a><\/p>\n\n\n\n<figure class=\"wp-block-image size-large\"><img loading=\"lazy\" decoding=\"async\" width=\"1024\" height=\"304\" src=\"https:\/\/diegobaigorri.com\/wp-assets\/uploads\/sites\/12\/2024\/06\/img_tall_02-1-1024x304.jpg\" alt=\"\" class=\"wp-image-6854\" srcset=\"https:\/\/diegobaigorri.com\/wp-assets\/uploads\/sites\/12\/2024\/06\/img_tall_02-1-1024x304.jpg 1024w, https:\/\/diegobaigorri.com\/wp-assets\/uploads\/sites\/12\/2024\/06\/img_tall_02-1-300x89.jpg 300w, https:\/\/diegobaigorri.com\/wp-assets\/uploads\/sites\/12\/2024\/06\/img_tall_02-1-768x228.jpg 768w, https:\/\/diegobaigorri.com\/wp-assets\/uploads\/sites\/12\/2024\/06\/img_tall_02-1.jpg 1488w\" sizes=\"auto, (max-width: 1024px) 100vw, 1024px\" \/><\/figure>\n\n\n\n<div style=\"height:30px\" aria-hidden=\"true\" class=\"wp-block-spacer\"><\/div>\n\n\n\n<p><strong><a href=\"https:\/\/tallerestintoretto.com\/labs\/es\/arbol\/\" data-type=\"page\" data-id=\"8983\">Mapa del sitio<\/a><\/strong><\/p>\n\n\n\n<p>&gt; <strong>Secciones<\/strong>: <a href=\"https:\/\/tallerestintoretto.com\/labs\/es\/\" data-type=\"page\" data-id=\"6605\">Inicio<\/a> | <a href=\"https:\/\/tallerestintoretto.com\/labs\/es\/informacion\/\" data-type=\"page\" data-id=\"5837\">Informaci\u00f3n<\/a> | <a href=\"https:\/\/tallerestintoretto.com\/labs\/es\/sobretintoretto\/\" data-type=\"page\" data-id=\"6777\">Tintoretto<\/a> | <a href=\"https:\/\/tallerestintoretto.com\/labs\/es\/manifiesto\/\" data-type=\"page\" data-id=\"8041\">Manifiesto<\/a> | <a href=\"https:\/\/tallerestintoretto.com\/labs\/es\/ediciones\/\" data-type=\"page\" data-id=\"6917\">Ediciones<\/a><\/p>\n\n\n\n<blockquote class=\"wp-block-quote is-layout-flow wp-block-quote-is-layout-flow\"><\/blockquote>\n","protected":false},"excerpt":{"rendered":"<p>Tabla de contenidos Tintorettini Referencias: \u26ac Fundadores \ud83d\ude0a | \u00bb Contin\u00faan | * Nuevos Resumen En 2023, la propuesta fue m\u00e1s light, con tem\u00e1ticas mensuales y sin una exigente continuidad. Por motivos personales, los encuentros se vieron interrumpidos en las vacaciones de invierno, siendo solamente 12 y sin un cierre como en 2022. Tem\u00e1ticas Arquetipos [&hellip;]<\/p>\n","protected":false},"author":96739695,"featured_media":0,"parent":6917,"menu_order":0,"comment_status":"closed","ping_status":"closed","template":"","meta":{"footnotes":""},"class_list":["post-5897","page","type-page","status-publish","hentry"],"_links":{"self":[{"href":"https:\/\/tallerestintoretto.com\/labs\/wp-json\/wp\/v2\/pages\/5897","targetHints":{"allow":["GET"]}}],"collection":[{"href":"https:\/\/tallerestintoretto.com\/labs\/wp-json\/wp\/v2\/pages"}],"about":[{"href":"https:\/\/tallerestintoretto.com\/labs\/wp-json\/wp\/v2\/types\/page"}],"author":[{"embeddable":true,"href":"https:\/\/tallerestintoretto.com\/labs\/wp-json\/wp\/v2\/users\/96739695"}],"replies":[{"embeddable":true,"href":"https:\/\/tallerestintoretto.com\/labs\/wp-json\/wp\/v2\/comments?post=5897"}],"version-history":[{"count":55,"href":"https:\/\/tallerestintoretto.com\/labs\/wp-json\/wp\/v2\/pages\/5897\/revisions"}],"predecessor-version":[{"id":10268,"href":"https:\/\/tallerestintoretto.com\/labs\/wp-json\/wp\/v2\/pages\/5897\/revisions\/10268"}],"up":[{"embeddable":true,"href":"https:\/\/tallerestintoretto.com\/labs\/wp-json\/wp\/v2\/pages\/6917"}],"wp:attachment":[{"href":"https:\/\/tallerestintoretto.com\/labs\/wp-json\/wp\/v2\/media?parent=5897"}],"curies":[{"name":"wp","href":"https:\/\/api.w.org\/{rel}","templated":true}]}}